{"id":14,"date":"2020-08-20T17:15:49","date_gmt":"2020-08-20T15:15:49","guid":{"rendered":"http:\/\/parafiaostrowsko.info\/wordpress\/?page_id=14"},"modified":"2024-01-29T07:15:38","modified_gmt":"2024-01-29T06:15:38","slug":"historia-parafii","status":"publish","type":"page","link":"http:\/\/parafiaostrowsko.info\/wordpress\/index.php\/historia-parafii\/","title":{"rendered":"Historia Parafii"},"content":{"rendered":"<p>Pierwsza wzmianka o wsi Ostrowsko wyst\u0119puje w przywileju Boles\u0142awa V Wstydliwego, ksi\u0119cia krakowskiego i sandomierskiego z roku 1254. Miejscowo\u015b\u0107 ta jako darowizna ksi\u0105\u017c\u0119ca przechodzi na w\u0142asno\u015b\u0107 Klasztoru Cysters\u00f3w w Szczyrzycu. W roku 1287 Leszek Czarny ksi\u0105\u017c\u0119 Sieracki i sandomierski ratuj\u0105c si\u0119 ucieczk\u0105 na W\u0119gry przed trzecim najazdem tatarskim, zatrzyma\u0142 si\u0119 w Ostrowsku na odpoczynek.<\/p>\n<p>Parafia Ostrowsko powstaje pod koniec XV wieku, za\u015b pierwsza wzmianka o istnieniu parafii pochodzi z pocz\u0105tku XVI wieku.<\/p>\n<p>Wizytacje kardyna\u0142a Radziwi\u0142\u0142a z 1596 i p\u00f3\u017aniejsze, opisuj\u0105 ko\u015bci\u00f3\u0142 drewniany pod wezwaniem \u015bw. Ma\u0142gorzaty. Do roku 1638 ko\u015bci\u00f3\u0142 dwukrotnie by\u0142 przenoszony na wy\u017cej po\u0142o\u017cone miejsca ze wzgl\u0119du na ci\u0105g\u0142e wylewy Dunajca.<\/p>\n<p>Cho\u0107 pierwsza oficjalna wzmianka o parafii Ostrowsko pochodzi z XVI wieku jednak parafia mog\u0142a ju\u017c powsta\u0107 w XV wieku. W roku 1519 Biskup Krakowski zni\u00f3s\u0142 ze wzgl\u0119du na brak \u015brodk\u00f3w do utrzymania proboszcz\u00f3w parafii Ostrowsko, Szaflary, Waksmund i w\u0142\u0105czy\u0142 je do parafii Nowy Targ.<\/p>\n<p>Ju\u017c w 1524 dowiadujemy si\u0119 o \u015bmierci proboszcza ostrowskiego o imieniu Stanis\u0142aw i nominacji nowego o tym samym imieniu.<\/p>\n<p>Od XVII wieku do parafii Ostrowsko nale\u017ca\u0142a nowo powsta\u0142a wie\u015b Gronk\u00f3w oraz ko\u015bcio\u0142y filialne w \u0141opusznej i Bia\u0142ce. Wobec wzrostu liczby parafian od pocz\u0105tku XVI wieku parafia posiada\u0142a wikariusza.<\/p>\n<p>W roku 1723 stoi w Ostrowsku nowy ko\u015bci\u00f3\u0142 drewniany o trzech o\u0142tarzach, g\u0142\u00f3wny po\u015bwi\u0119cony Naj\u015bwi\u0119tszej Marii Panny oraz boczne po\u015bwi\u0119cone \u015bw. Ambro\u017cemu i NMP.<\/p>\n<p>Przed rokiem 1756 drewniany ko\u015bci\u00f3\u0142 konsekrowa\u0142 Biskup Sufragan Krakowski Potka\u0144ski, ale ju\u017c pod wezwaniem \u015bw. Micha\u0142a.<\/p>\n<p>W g\u0142\u00f3wnym o\u0142tarzu by\u0142 patron parafii \u015bw. Micha\u0142, a boczne po\u015bwi\u0119cone NMP i \u015bw. J\u00f3zefowi.<\/p>\n<p>Opr\u00f3cz ko\u015bcio\u0142a parafialnego w Ostrowsku by\u0142 ko\u015bci\u00f3\u0142 pod wezwaniem \u015bw. Krzy\u017ca po\u0142o\u017cony nad Dunajcem. Odprawiane w nim nabo\u017ce\u0144stwa w \u015bwi\u0119to Podwy\u017cszenia Krzy\u017ca i Znalezienie Krzy\u017ca \u015awi\u0119tego.<\/p>\n<p>W XVII wieku na terenie parafii istnia\u0142a ju\u017c szko\u0142a za\u015b nauczyciel op\u0142acany by\u0142 przez parafian z Ostrowska i Gronkowa.<\/p>\n<p>Z zachowanych dokument\u00f3w historycznych wynika, \u017ce pierwszymi proboszczami byli:<\/p>\n<p>&#8211; Stanis\u0142aw zm. 1524<br \/>&#8211; Stanis\u0142aw ze Zbigniewa mianowany 1524 roku<br \/>&#8211; Franciszek z \u0141ososiny ok. 1562 roku<br \/>&#8211; Wawrzyniec z Wadowic mianowany 1599 roku<br \/>&#8211; Sebastian Romer z Krakowa baka\u0142arz sztuk wyzwolonych mianowany 1606 roku<br \/>&#8211; Adam z Nowego Targu mianowany w 1609 roku<\/p>\n<p>Oczywi\u015bcie to nie wszyscy proboszczowie parafii Ostrowsko XVI i XVIII wieku.<\/p>\n<p>Jak si\u0119 okaza\u0142o archiwum konsystorskie posiada osobny fascyku\u0142 &#8220;Ostrowsko&#8221; odes\u0142any niegdy\u015b z biskupstwa tarnowskiego w dokumencie kr\u00f3la W\u0142adys\u0142awa IV potwierdza Szymonowi \u015al\u0105zakowi plebanowi w Ostrowsku posiadanie 2 zr\u0119bk\u00f3w we wsi Bia\u0142ce s\u0142u\u017c\u0105cych na utrzymanie tamtejszego wikarego.<\/p>\n<p>Nast\u0119pnymi proboszczami byli:<\/p>\n<p>&#8211; Szymon Barlicki ze \u015al\u0105ska 1637-1659<br \/>&#8211; Aleksander W\u0142adys\u0142aw Wendry\u0144ski zrezygnowa\u0142 18 czerwca 1683<br \/>&#8211; Marcin Dru\u017cbacki wyst\u0119puje oko\u0142o 1685 roku i zmar\u0142 przed 11 marca 1711<br \/>&#8211; W\u0142adys\u0142aw Mulski by\u0142y wikary w Mszanie mianowany proboszczem 11 marca 1711<br \/>&#8211; Miko\u0142aj Kalatowicz wyst\u0119puje oko\u0142o 1765 roku<br \/>&#8211; Florencjusz Knis wyst\u0119puje oko\u0142o1783 roku<br \/>&#8211; Franciszek Przyucki oko\u0142o 1800 roku<br \/>&#8211; Jan Bartoszek &#8211; brak danych<br \/>&#8211; Antoni Maciejczyk od roku 1871 rodem z Choczni<\/p>\n<p>6 wrze\u015bnia zosta\u0142a przeprowadzona wizytacja kanoniczna, kt\u00f3rej dokona\u0142 ks. bp Jan Puzyna.<\/p>\n<p>Kolejna wizytacja parafii mia\u0142a miejsce w czerwcu 1912 roku przeprowadzi\u0142 j\u0105 ks. bp Stefan Sapieha.<\/p>\n<p>2 listopada 1915 roku sp\u0142on\u0105\u0142 pi\u0119kny modrzewiowy ko\u015bci\u00f3\u0142. Przyczyna po\u017caru jest niewiadoma, ogie\u0144 ukaza\u0142 si\u0119 najpierw na ch\u00f3rze, prawdopodobnie przyczyn\u0105 jego w opinii ludzi by\u0142o pozostawienie niedogaszonego \u015bwiat\u0142a \u015bwiecy na ch\u00f3rze przez \u00f3wczesnego organist\u0119. Z po\u017caru uratowano Naj\u015bwi\u0119tszy Sakrament oraz cz\u0119\u015b\u0107 aparat\u00f3w.<\/p>\n<p>Do budowy nowego ko\u015bcio\u0142a przyst\u0105piono 1919 roku. W roku 1924 zarz\u0105d nad budow\u0105 ko\u015bcio\u0142a obj\u0105\u0142 naczelnik Ostrowska Stanis\u0142aw \u017begle\u0144.<\/p>\n<p>W 1926 roku wyko\u0144czono wie\u017c\u0119 i sklepienie ko\u015bcio\u0142a.<\/p>\n<p>29 wrze\u015bnia w tym samym roku w dzie\u0144 \u015bw. Micha\u0142a odby\u0142o si\u0119 uroczyste po\u015bwi\u0119cenie krzy\u017ca \u017celaznego na wie\u017c\u0119.<\/p>\n<p>22 czerwca 1928 mia\u0142a miejsce kolejna wizytacja parafii, kt\u00f3rej dokona\u0142 ks. bp Stanis\u0142aw Rozpond. Udzieli\u0142 on sakramentu bierzmowania, przeprowadzi\u0142 katechizacj\u0119, nawiedzi\u0142 cmentarz. Z Ostrowska uda\u0142 si\u0119 ks. bp do \u0141opusznej.<\/p>\n<p>22 stycznia 1929 roku w \u0141opusznej zm. ks. Franciszek Gut. Tymczasowe obowi\u0105zki administratora przej\u0105\u0142 ks. Stanis\u0142aw Miernik.<\/p>\n<p>3 maja 1931 roku mia\u0142a miejsce w parafii wielka uroczysto\u015b\u0107 wprowadzenia obrazu Matki Bo\u017cej Nieustaj\u0105cej Pomocy. O\u0142tarz wykonany z drzewa modrzewiowego zaprojektowany przez E. Weso\u0142owskiego, wyrze\u017abi\u0142 pan Tatarz z Zakopanego. Po\u015bwi\u0119cenia tego o\u0142tarza dokona\u0142 Ojciec Redemptorysta z Krakowa.<\/p>\n<p>Jak podaj\u0105 kroniki z 15 na 16 lipca 1934 roku mia\u0142a miejsce w Ostrowsku straszliwa pow\u00f3d\u017a, kt\u00f3rej nie pami\u0119tali najstarsi ludzie.<\/p>\n<p>W 1939 roku sp\u0142on\u0119\u0142y zabudowania pleba\u0144skie.<\/p>\n<p>1945 roku schorowany ks. Miernik zrezygnowa\u0142 z parafii i zamieszka\u0142 w rodzinnej \u0141\u0119townii, gdzie zmar\u0142.<\/p>\n<p>Kuria Metropolitalna powierzy\u0142a administracj\u0119 parafi\u0105 ks. J\u00f3zefowi Dewerze, kt\u00f3ry sprawowa\u0142 j\u0105 do 20 listopada 1951 roku b\u0119d\u0105c r\u00f3wnocze\u015bnie administratorem w Waksmundzie. Jego nast\u0119pc\u0105 zosta\u0142 ks. Stefan Tarnawski.<\/p>\n<p>3 wrze\u015bnia 1952 roku ks. Eugeniusz Baziak dokona\u0142 wizytacji parafii. Udzieli\u0142 sakramentu bierzmowania, przeprowadzi\u0142 katechizacj\u0119 po czym uda\u0142 si\u0119 do Bia\u0142ki Tatrza\u0144skiej.<\/p>\n<p>W 1958 roku przyst\u0105piono do budowy nowych organ\u00f3w. Na ten cel sprzedano cz\u0119\u015b\u0107 grunt\u00f3w beneficjalnych.\u00a0 2 pa\u017adziernika 1960 w uroczysto\u015b\u0107 \u015bwi\u0119tego Micha\u0142a Archanio\u0142a ks. bp Julina Groblicki po\u015bwi\u0119ci\u0142 12 g\u0142osowe organy wykonane przez Fryderyka Szwarca z Gda\u0144ska.<\/p>\n<p>3 czerwca 1961 roku w czasie wizytacji kanonicznej ks. bp Julian Groblicki udzieli\u0142 sakramentu bierzmowania 143 osobom, przeprowadzi\u0142 katechizacj\u0119 i dokona\u0142 konsekracji ko\u015bcio\u0142a.\u00a0Ksi\u0105dz biskup przywi\u00f3z\u0142 do Ostrowska relikwie \u015bw.\u00a0 Stanis\u0142awa biskupa i m\u0119czennika oraz Andrzeja Boboli Aposto\u0142a Podlasia.<\/p>\n<p>W roku 1963 zosta\u0142y sprowadzone do parafii dwa dzwony,\u00a0 kt\u00f3re zosta\u0142y po\u015bwi\u0119cone 21 kwietnia roku przez ks. bp Karola Wojty\u0142\u0119, kt\u00f3ry w czasie swego kazania nawi\u0105za\u0142 do tajemnicy Zmartwychwstania Pa\u0144skiego oraz znaczenia dzwon\u00f3w w ko\u015bciele.<\/p>\n<p>9 &#8211; 10 listopada 1967 parafia prze\u017cywa\u0142a nawiedzenie kopi obrazu Matki Bo\u017cej Cz\u0119stochowskiej. Uroczyst\u0105 Msz\u0119 \u015awi\u0119t\u0105 odprawi\u0142 ks. kardyna\u0142 Karol Wojty\u0142a.\u00a0Rozdano w czasie tych uroczysto\u015bci 2 tys. Komunii \u015awi\u0119tej.\u00a0<\/p>\n<p>Po 17 latach duszpasterzowania parafi\u0119 opu\u015bci\u0142 ks. Stefan Tarnawski. By\u0142 rok 1968. Nast\u0119pnym proboszczem zosta\u0142 ks. J\u00f3zef Listopad.<\/p>\n<p>16 pa\u017adziernika w 1978 roku obieg\u0142a ca\u0142\u0105 Polsk\u0119 i \u015bwiat radosna nowina: nowym papie\u017cem po kr\u00f3tkim pontyfikacie Jana Paw\u0142a I zosta\u0142 Metropolita Krakowski Karol Wojty\u0142a obieraj\u0105c imi\u0119 Jan Pawe\u0142 II.<\/p>\n<p>28 czerwca 1983 roku parafi\u0119 kanonicznie obj\u0105\u0142 ksi\u0105dz Stanis\u0142aw Barcik. Po 24 latach zosta\u0142y przeprowadzone misje parafialne, od sierpnia rozpocz\u0119to budow\u0119 plebanii. Budow\u0119 uko\u0144czono w 1990 roku a w uroczysto\u015b\u0107 \u015bwi\u0119tego Micha\u0142a Archanio\u0142a, ksi\u0105dz profesor J\u00f3zef Tischner dokona\u0142 jej po\u015bwi\u0119cenia. W dniach 26-27 pa\u017adziernika 1991 mia\u0142a miejsce wizytacja przeprowadzona przez ks. bp Jana Szkodonia, sakrament bierzmowania przyj\u0119\u0142o 79 os\u00f3b.<\/p>\n<p>W czerwcu 1996 roku mia\u0142a miejsce kolejna wizytacja, kt\u00f3rej dokona\u0142 ks. bp Jan Szkodo\u0144, udzieli\u0142 sakramentu bierzmowania, odwiedzi\u0142 chorych oraz spotka\u0142 si\u0119 z grupami parafialnymi.<\/p>\n<p>W czerwcu 1997 roku ca\u0142e Podhale prze\u017cywa\u0142o wielk\u0105 rado\u015b\u0107 z odwiedzin Papie\u017ca Jana Paw\u0142a II w Lud\u017amierzu i Zakopanem.<\/p>\n<p>14 listopada 1998 roku zmar\u0142 w Swoszowicach ks. J\u00f3zef Listopad.<\/p>\n<p>3 sierpnia1999 roku w parafii mia\u0142o miejsce kolejne nawiedzenie obrazu Matki Bo\u017cej Cz\u0119stochowskiej. Rekolekcje wyg\u0142osi\u0142 ks. pra\u0142at Eugeniusz G\u00f3ra. W czasie rekolekcji przygotowuj\u0105cych do nawiedzenia dnia 29 lipca zmar\u0142 nagle przy o\u0142tarzu ks. pra\u0142at Jan Kozie\u0142 tutejszy rodak. Uroczysto\u015bciom pogrzebowym odbywaj\u0105cym si\u0119 31 lipca przewodniczy\u0142 bp Albin Malysiak.<\/p>\n<p>2 kwietnia 2005 roku odszed\u0142 do Domu Ojca umi\u0142owany papie\u017c Jan Pawe\u0142 II, by\u0142a godzina 21.37.<\/p>\n<p>W dniach 9-10 czerwca 2004 roku parafia prze\u017cywa\u0142a wizytacj\u0119 kanoniczn\u0105, kt\u00f3rej mia\u0142 dokona\u0107 ks. bp Kazimierz Nycz, jednak\u017ce ze wzgl\u0119du na wyniesienie ks. bp do godno\u015bci Ordynariusza Diecezji Koszali\u0144sko-Ko\u0142obrzeskiej. Do wizytacji zosta\u0142 wyznaczony ks. infu\u0142at Jan Zaj\u0105c.<\/p>\n<p>2006 roku parafia prze\u017cywa\u0142a misje \u015bwi\u0119te przeprowadzone przez Ojc\u00f3w Redemptoryst\u00f3w z Krakowa.<\/p>\n<p>W 2009 roku rozpocz\u0119to prac\u0119 przy budowie kaplicy cmentarnej. Po\u015bwi\u0119cenia jej dokona\u0142 ks. bp J\u00f3zef Guzdek. W czasie wizytacji kanonicznej w maju 2010 roku. Po 27 latach gorliwej pos\u0142ugi w parafii ks. Stanis\u0142aw Barcik przeszed\u0142 na emerytur\u0119.<\/p>\n<p>Z woli ksi\u0119dza kardyna\u0142a Stanis\u0142awa Dziwisza 4 lipca 2010 roku kanonicznie obj\u0105\u0142 parafi\u0119 ks. Jan Jakubiec.<\/p>\n<p>14 stycznia nadesz\u0142a z Watykanu radosna nowina &#8211; 1 maja 2011 roku w Rzymie papie\u017c Benedykt XVI dokona beatyfikacji S\u0142ugi Bo\u017cego Jana Paw\u0142a II.<\/p>\n<p>Ojciec \u015awi\u0119ty Benedykt XVI og\u0142osi\u0142 swoj\u0105 decyzj\u0119 o abdykacji 11 lutego 2013 roku. Podczas konsystorza m\u00f3wi\u0142: \u201ePo wielokrotnym rozwa\u017ceniu w moim sumieniu w obliczu Boga nabra\u0142em pewno\u015bci, \u017ce moje si\u0142y z powodu zaawansowanego wieku nie wystarcz\u0105, by pe\u0142ni\u0107 w odpowiedni spos\u00f3b pos\u0142ug\u0119 Piotrow\u0105\u2026&#8221; &#8211; Papie\u017c ust\u0105pi\u0142 z urz\u0119du 28 lutego 2013 roku. Ko\u015bci\u00f3\u0142 oczekiwa\u0142 wyboru nowego Rybaka. Kardyna\u0142owie zebrani na konklawe wybrali nowego Biskupa Rzymu 13 marca 2013 roku. Papie\u017cem zosta\u0142 Jorge Mario Bergoglio, kt\u00f3ry przybra\u0142 imi\u0119 Franciszek.<\/p>\n<p>27 kwietnia 2014 roku okaza\u0142 si\u0119 dniem wyj\u0105tkowym, Papie\u017c Franciszek kanonizowa\u0142 Jana Paw\u0142a II. Od tego dnia modlimy si\u0119 przez wstawiennictwo \u015bw. Jana Paw\u0142a II.<\/p>\n<p>29 czerwca 2018 roku ks. abp. Marek J\u0119draszewski mianowa\u0142 nowego proboszcza naszej wsp\u00f3lnoty. Zosta\u0142 nim ks. Jacek Tekiela, kt\u00f3ry oficjalnie obj\u0105\u0142 parafi\u0119 podczas uroczystej Mszy \u015bw. 8 lipca tego\u017c roku, w obecno\u015bci dziekana dekanatu Nowy Targ ks. pra\u0142ata Stanis\u0142awa Strojka.\u00a0<\/p>\n<p>11 pa\u017adziernika 2020 roku\u00a0kolejnym proboszczem zosta\u0142\u00a0ks. Krzysztof Karnas, kt\u00f3ry swoj\u0105 pos\u0142ug\u0119 rozpocz\u0105\u0142 z dniem 18 pa\u017adziernika 2020 roku na Mszy \u015bw. obejmuj\u0105c kanonicznie parafi\u0119.<\/p>\n\n\n<div class=\"wp-block-columns\">\n<div class=\"wp-block-column\"><\/div>\n\n\n\n<div class=\"wp-block-column\"><\/div>\n\n\n\n<div class=\"wp-block-column\"><\/div>\n<\/div>\n","protected":false},"excerpt":{"rendered":"<p>Pierwsza wzmianka o wsi Ostrowsko wyst\u0119puje w przywileju Boles\u0142awa V Wstydliwego, ksi\u0119cia krakowskiego i sandomierskiego z roku 1254. Miejscowo\u015b\u0107 ta jako darowizna ksi\u0105\u017c\u0119ca przechodzi na w\u0142asno\u015b\u0107 Klasztoru Cysters\u00f3w w Szczyrzycu. W roku 1287 Leszek&#46;&#46;&#46;<\/p>\n<div class='heateorSssClear'><\/div><div  class='heateor_sss_sharing_container heateor_sss_horizontal_sharing' data-heateor-sss-href='http:\/\/parafiaostrowsko.info\/wordpress\/index.php\/historia-parafii\/'><div class='heateor_sss_sharing_title' style=\"font-weight:bold\" >Udost\u0119pnij<\/div><div class=\"heateor_sss_sharing_ul\"><a class=\"heateor_sss_facebook\" href=\"https:\/\/www.facebook.com\/sharer\/sharer.php?u=http%3A%2F%2Fparafiaostrowsko.info%2Fwordpress%2Findex.php%2Fhistoria-parafii%2F\" title=\"Facebook\" rel=\"nofollow noopener\" target=\"_blank\" style=\"font-size:32px!important;box-shadow:none;display:inline-block;vertical-align:middle\"><span class=\"heateor_sss_svg\" style=\"background-color:#3c589a;width:35px;height:35px;border-radius:999px;display:inline-block;opacity:1;float:left;font-size:32px;box-shadow:none;display:inline-block;font-size:16px;padding:0 4px;vertical-align:middle;background-repeat:repeat;overflow:hidden;padding:0;cursor:pointer;box-sizing:content-box\"><svg style=\"display:block;border-radius:999px;\" focusable=\"false\" aria-hidden=\"true\" xmlns=\"http:\/\/www.w3.org\/2000\/svg\" width=\"100%\" height=\"100%\" viewBox=\"-5 -5 42 42\"><path d=\"M17.78 27.5V17.008h3.522l.527-4.09h-4.05v-2.61c0-1.182.33-1.99 2.023-1.99h2.166V4.66c-.375-.05-1.66-.16-3.155-.16-3.123 0-5.26 1.905-5.26 5.405v3.016h-3.53v4.09h3.53V27.5h4.223z\" fill=\"#fff\"><\/path><\/svg><\/span><\/a><a style=\"padding:7.35px 0 !important\" class=\"heateor_sss_facebook_share\"><div class=\"fb-share-button\" data-href=\"http:\/\/parafiaostrowsko.info\/wordpress\/index.php\/historia-parafii\/\" data-layout=\"button\"><\/div><\/a><\/div><div class=\"heateorSssClear\"><\/div><\/div><div class='heateorSssClear'><\/div>","protected":false},"author":1,"featured_media":0,"parent":0,"menu_order":0,"comment_status":"closed","ping_status":"closed","template":"","meta":[],"_links":{"self":[{"href":"http:\/\/parafiaostrowsko.info\/wordpress\/index.php\/wp-json\/wp\/v2\/pages\/14"}],"collection":[{"href":"http:\/\/parafiaostrowsko.info\/wordpress\/index.php\/wp-json\/wp\/v2\/pages"}],"about":[{"href":"http:\/\/parafiaostrowsko.info\/wordpress\/index.php\/wp-json\/wp\/v2\/types\/page"}],"author":[{"embeddable":true,"href":"http:\/\/parafiaostrowsko.info\/wordpress\/index.php\/wp-json\/wp\/v2\/users\/1"}],"replies":[{"embeddable":true,"href":"http:\/\/parafiaostrowsko.info\/wordpress\/index.php\/wp-json\/wp\/v2\/comments?post=14"}],"version-history":[{"count":14,"href":"http:\/\/parafiaostrowsko.info\/wordpress\/index.php\/wp-json\/wp\/v2\/pages\/14\/revisions"}],"predecessor-version":[{"id":7941,"href":"http:\/\/parafiaostrowsko.info\/wordpress\/index.php\/wp-json\/wp\/v2\/pages\/14\/revisions\/7941"}],"wp:attachment":[{"href":"http:\/\/parafiaostrowsko.info\/wordpress\/index.php\/wp-json\/wp\/v2\/media?parent=14"}],"curies":[{"name":"wp","href":"https:\/\/api.w.org\/{rel}","templated":true}]}}